{"id":10526,"date":"2024-05-23T00:35:38","date_gmt":"2024-05-22T22:35:38","guid":{"rendered":"https:\/\/www.second-opinion.at\/?page_id=10526"},"modified":"2025-07-19T01:54:07","modified_gmt":"2025-07-18T23:54:07","slug":"dr-marijan-gjukic","status":"publish","type":"page","link":"https:\/\/www.second-opinion.at\/de\/dr-marijan-gjukic\/","title":{"rendered":"Dr. Marijan Gjuki\u0107"},"content":{"rendered":"<div class=\"wpb-content-wrapper\" id=\"wpb-content-root\"><p>[vc_row][vc_column]<div id=\"ultimate-heading-7636a982797a8c12\" class=\"uvc-heading ult-adjust-bottom-margin ultimate-heading-7636a982797a8c12 uvc-2066 \" data-hspacer=\"line_only\"  data-halign=\"left\" style=\"text-align:left\"><div class=\"uvc-main-heading ult-responsive\"  data-ultimate-target='.uvc-heading.ultimate-heading-7636a982797a8c12 h2'  data-responsive-json-new='{\"font-size\":\"desktop:33px;\",\"line-height\":\"\"}' ><h2 style=\"font-family:&#039;Open Sans&#039;;font-weight:300;color:#414042;margin-top:35px;margin-bottom:15px;\">Dr. Marijan Gjuki\u0107<\/h2><\/div><div class=\"uvc-heading-spacer line_only\" style=\"margin-top:15px;margin-bottom:15px;height:3px;\"><span class=\"uvc-headings-line\" style=\"border-style:solid;border-bottom-width:3px;border-color:#c6a36d;width:100px;\"><\/span><\/div><div class=\"uvc-sub-heading ult-responsive\"  data-ultimate-target='.uvc-heading.ultimate-heading-7636a982797a8c12 .uvc-sub-heading '  data-responsive-json-new='{\"font-size\":\"desktop:23px;\",\"line-height\":\"\"}'  style=\"font-weight:normal;color:#414042;margin-bottom:15px;\">Von eigener Privatpraxis in Delnice zum Institut f\u00fcr Gesundheitsmanagement in Wien!<\/div><\/div>[\/vc_column][\/vc_row][vc_row][vc_column width=&#8220;1\/5&#8243;][vc_single_image image=&#8220;10389&#8243; img_size=&#8220;full&#8220; alignment=&#8220;center&#8220; style=&#8220;vc_box_outline_circle&#8220; border_color=&#8220;green&#8220; css=&#8220;&#8220;][\/vc_column][vc_column width=&#8220;4\/5&#8243;][vc_column_text]<\/p>\n<p style=\"text-align: justify;\">&#8222;Auf der Grundlage meines Fachwissens finde ich den Mut, Entscheidungen zu treffen. Durch das Kennenlernen verschiedener Kulturen lernte ich den Reichtum menschlicher Erfahrungen zu sch\u00e4tzen, was einen kontinuierlichen Ideenfluss in Gang setzte. Au\u00dferdem habe ich erkannt, dass die Auseinandersetzung mit \u00c4ngsten kein Hindernis, sondern eine Quelle f\u00fcr L\u00f6sungen, Widerstandsf\u00e4higkeit und innovative Ans\u00e4tze im Umgang mit Herausforderungen ist. Herausfordernde Situationen und die Konfrontation mit dem Unbekannten haben mein kreatives Denken und meine F\u00e4higkeit, &#8220; unterwegs &#8220; zu denken, gesch\u00e4rft. Diese Aspekte tragen zu den dynamischen F\u00e4higkeiten bei, die ich in jede Unternehmung einbringe.&#8220;<\/p>\n<p>[\/vc_column_text][\/vc_column][\/vc_row][vc_row][vc_column width=&#8220;1\/2&#8243;][vc_tta_accordion shape=&#8220;square&#8220; active_section=&#8220;1&#8243; title=&#8220;Profil&#8220;][vc_tta_section title=&#8220;Networking&#8220; tab_id=&#8220;1699675191486-238ed6c1-46ba&#8220;][vc_column_text]<\/p>\n<p style=\"text-align: justify;\">Ein \u201eholistischer Denker\u201c und L\u00f6sungsfinder, Manager mit hohem Ma\u00df an Eigenmotivation und ausgezeichneter Kommunikationsf\u00e4higkeit. Er verf\u00fcgt \u00fcber ein ausgebildetes Netzwerk an Gesch\u00e4ftspartnern und zahlreiche Kontakte in der Gesundheits-, Tourismus- und Immobilienbranche, in privaten und \u00f6ffentlichen Fonds, sowie auf der politischen B\u00fchne in \u00d6sterreich, Deutschland, Balkan L\u00e4ndern und der Schweiz.<\/p>\n<p>[\/vc_column_text][\/vc_tta_section][vc_tta_section title=&#8220;Medizin&#8220; tab_id=&#8220;1699675191537-8f5adfdb-57ff&#8220;][vc_column_text]<\/p>\n<p style=\"text-align: justify;\">Arzt mit langj\u00e4hriger Erfahrung und Privatordination; Krisenmanagement; Vorsorge und gesundheitsbildende Ma\u00dfnahmen.<\/p>\n<p>[\/vc_column_text][\/vc_tta_section][vc_tta_section title=&#8220;Second Home&#8220; tab_id=&#8220;1699675191583-30983d18-d173&#8243;][vc_column_text]<\/p>\n<p style=\"text-align: justify;\">Strukturierter und erfahrener Manager und Projektentwickler in verschiedenen Aufgabenbereichen und Kulturen, insbesondere auf dem Gebiet gewerblicher und privater Immobilien mit Fokus auf Handel, Gesundheit und Tourismus.<\/p>\n<p>[\/vc_column_text][\/vc_tta_section][vc_tta_section title=&#8220;Immobilien&#8220; tab_id=&#8220;1699675191632-aa068bbc-b36c&#8220;][vc_column_text]<\/p>\n<p style=\"text-align: justify;\">Mehr als 4 Jahre Erfahrung in der Entwicklung und F\u00fchrung von Immobilienprojekten in Kroatien.<\/p>\n<p>[\/vc_column_text][\/vc_tta_section][\/vc_tta_accordion][\/vc_column][vc_column width=&#8220;1\/2&#8243;][vc_tta_accordion shape=&#8220;square&#8220; active_section=&#8220;1&#8243; title=&#8220;F\u00e4higkeiten und Aufgaben&#8220;][vc_tta_section title=&#8220;Organisation und F\u00fchrung&#8220; tab_id=&#8220;1699675191702-0474c583-9a3f&#8220;][vc_column_text]<\/p>\n<p style=\"text-align: justify;\">Gr\u00fcndung von Firmen und Niederlassungen; Lobbying, Aufbauen von Kontakten und Verhandlungen mit Beh\u00f6rden.<\/p>\n<p>[\/vc_column_text][\/vc_tta_section][vc_tta_section title=&#8220;Medizin&#8220; tab_id=&#8220;1699675191751-8a30b31f-7962&#8243;][vc_column_text]<\/p>\n<p style=\"text-align: justify;\">Privatordination mit speziellem Interesse an Asthma, Allergie und Schmerztherapie. Heimphysiotherapie und Vorsorgemedizin f\u00fcr \u00e4ltere Menschen. Komplement\u00e4rmedizin \u2013 Akupunktur und Chiropraxis. Psychiatrische und psychologische Ausbildung in Krisensituationen \u2013 Teilnahme an der psychiatrischen Versorgung von Fl\u00fcchtlingen und Soldaten. Forschungs- und Ausbildungst\u00e4tigkeit. Organisation des ersten internationalen Kongresses f\u00fcr Asthma und Allergie mit Durchf\u00fchrung der ersten medizinischen Telekonferenz in Kroatien. Gr\u00fcnder der Patientenvereinigung \u201cAsmal\u201d, Non-Profit-Organisation f\u00fcr Allergiker in Kroatien. Gr\u00fcnder und hauptverantwortlicher Herausgeber der Zeitschrift \u201cAsmal\u201d sowie der ersten kroatischen Internetseite f\u00fcr Allergie.<\/p>\n<p>[\/vc_column_text][\/vc_tta_section][vc_tta_section title=&#8220;Aufbau und Entwicklung&#8220; tab_id=&#8220;1699675191798-9d063a5e-4bf2&#8243;][vc_column_text]<\/p>\n<p style=\"text-align: justify;\">Akquise von Grundst\u00fccken; Lobbying f\u00fcr und Durchsetzung von Stadtentwicklungspl\u00e4nen; Koordination internationaler und lokaler Architekten und Planer; Koordination der Vermietungs- und Verkaufsaktivit\u00e4ten.<\/p>\n<p>[\/vc_column_text][\/vc_tta_section][vc_tta_section title=&#8220;Auf den Handel bezogene Aktivit\u00e4ten&#8220; tab_id=&#8220;1699675191848-02c7b646-65e3&#8243;][vc_column_text]<\/p>\n<p style=\"text-align: justify;\">Marktforschung; Einf\u00fchrung neuer Produkte in heimischen und ausl\u00e4ndischen M\u00e4rkten; Verkaufsorganisation; Implementierung neuer Verkaufskan\u00e4le; E-Business.<\/p>\n<p>[\/vc_column_text][\/vc_tta_section][vc_tta_section title=&#8220;Marketing&#8220; tab_id=&#8220;1699675191899-69452dd7-2db3&#8243;][vc_column_text]<\/p>\n<p style=\"text-align: justify;\">PR; Gestaltung und Herausgabe von Marketing Material; Gestaltung und Herausgabe von Magazinen und VHS; Organisation von Seminaren und Kongressen; Teilnahme an Radio und TV Sendungen; Kundenbeziehungsmanagement.<\/p>\n<p>[\/vc_column_text][\/vc_tta_section][\/vc_tta_accordion][\/vc_column][\/vc_row][vc_row][vc_column width=&#8220;1\/2&#8243;]<div id=\"ultimate-heading-78236a982797a8d08\" class=\"uvc-heading ult-adjust-bottom-margin ultimate-heading-78236a982797a8d08 uvc-8960 \" data-hspacer=\"line_only\"  data-halign=\"left\" style=\"text-align:left\"><div class=\"uvc-main-heading ult-responsive\"  data-ultimate-target='.uvc-heading.ultimate-heading-78236a982797a8d08 h2'  data-responsive-json-new='{\"font-size\":\"desktop:22px;\",\"line-height\":\"\"}' ><h2 style=\"font-weight:normal;color:#414042;margin-top:35px;margin-bottom:15px;\">Wichtige Projekte<\/h2><\/div><div class=\"uvc-heading-spacer line_only\" style=\"margin-top:15px;margin-bottom:15px;height:3px;\"><span class=\"uvc-headings-line\" style=\"border-style:solid;border-bottom-width:3px;border-color:#c6a36d;width:100px;\"><\/span><\/div><div class=\"uvc-sub-heading ult-responsive\"  data-ultimate-target='.uvc-heading.ultimate-heading-78236a982797a8d08 .uvc-sub-heading '  data-responsive-json-new='{\"font-size\":\"desktop:14px;\",\"line-height\":\"\"}'  style=\"font-weight:normal;color:#414042;margin-bottom:15px;\"><\/p>\n<h5><span style=\"color: #c6a36d;\">Innovativ und herausfordernd<\/span><\/h5>\n<p>\u2013 Initiative \u201eHealth Benefit\u201c, International<br \/>\n\u2013 Wettbewerb \u201eSch\u00e4tze moderner Gesundheit\u201c, International<br \/>\n\u2013 Erste \u00f6ffentlich-private Partnerschaft Kroatiens<br \/>\n\u2013 Studie Seniorenzentrum Rab, Kroatien<br \/>\n\u2013 Karlovac \u2013 Projekt \u201eDas Gesicht der Stadt\u201c, Kroatien<br \/>\n\u2013 Projekt zur Ermittlung des Status der Allergiediagnostik und -therapie in Kroatien<br \/>\n\u2013 Entwicklung eines Konzeptes f\u00fcr Gesundheitstourismus f\u00fcr allergische Erkrankungen in Veli Losinj, Kroatien<br \/>\n\u2013 Beratung und Entwicklung neuer medizinischer Ger\u00e4te f\u00fcr Iskra-Medical, Ljubljana, Slowenien<br \/>\n\u2013 Koordinator der Laborarbeiten und der klinischen Forschung zur Entwicklung eines neuen Ger\u00e4tes zur Magnetfeldtherapie f\u00fcr RAI, Rijeka, Kroatien<br \/>\n\u2013 Berater bei der Software-Entwicklung f\u00fcr Allgemeinmediziner in Zagreb<\/div><\/div><div id=\"ultimate-heading-15816a982797a8d81\" class=\"uvc-heading ult-adjust-bottom-margin ultimate-heading-15816a982797a8d81 uvc-8919 \" data-hspacer=\"line_only\"  data-halign=\"left\" style=\"text-align:left\"><div class=\"uvc-main-heading ult-responsive\"  data-ultimate-target='.uvc-heading.ultimate-heading-15816a982797a8d81 h2'  data-responsive-json-new='{\"font-size\":\"desktop:22px;\",\"line-height\":\"\"}' ><h2 style=\"font-weight:normal;color:#414042;margin-top:35px;margin-bottom:15px;\">Mitgliedschaften<\/h2><\/div><div class=\"uvc-heading-spacer line_only\" style=\"margin-top:15px;margin-bottom:15px;height:3px;\"><span class=\"uvc-headings-line\" style=\"border-style:solid;border-bottom-width:3px;border-color:#c6a36d;width:100px;\"><\/span><\/div><div class=\"uvc-sub-heading ult-responsive\"  data-ultimate-target='.uvc-heading.ultimate-heading-15816a982797a8d81 .uvc-sub-heading '  data-responsive-json-new='{\"font-size\":\"desktop:14px;\",\"line-height\":\"\"}'  style=\"font-weight:normal;color:#414042;margin-bottom:15px;\"><\/p>\n<h5><span style=\"color: #c6a36d;\">Aktive und ehemalige<\/span><\/h5>\n<p>\u2013 Mitglied des Vorstandes des Referenzzentrums f\u00fcr Gerontologie beim Gesundheitsministerium der Republik Kroatien<br \/>\n\u2013 \u00d6sterreichische Gesellschaft f\u00fcr Care und Case Management, Austria<br \/>\n\u2013 Pr\u00e4sident des Verbandes \u201eAsmal\u201c, Kroatien<br \/>\n\u2013 Au\u00dferordentliches mitglied UEHP \u2013 europ\u00e4ische Union der Privatkliniken, Belgien<br \/>\n\u2013 Vorstandsmitglied der Kroatischen Gesellschaft f\u00fcr Medizintourismus<br \/>\n\u2013 Kroatische Gesellschaft f\u00fcr \u00f6kologische Medizin<br \/>\n\u2013 Kroatische \u00c4rztekammer<br \/>\n\u2013 Kroatische Gesellschaft f\u00fcr Akupunktur<br \/>\n\u2013 Club Tourismus, Austria<br \/>\n\u2013 Friedensflotte \u201eSalzburg\u201c, Austria<\/div><\/div>[\/vc_column][vc_column width=&#8220;1\/2&#8243;]<div id=\"ultimate-heading-52346a982797a8de8\" class=\"uvc-heading ult-adjust-bottom-margin ultimate-heading-52346a982797a8de8 uvc-7259 \" data-hspacer=\"line_only\"  data-halign=\"left\" style=\"text-align:left\"><div class=\"uvc-main-heading ult-responsive\"  data-ultimate-target='.uvc-heading.ultimate-heading-52346a982797a8de8 h2'  data-responsive-json-new='{\"font-size\":\"desktop:22px;\",\"line-height\":\"\"}' ><h2 style=\"font-weight:normal;color:#414042;margin-top:35px;margin-bottom:15px;\">Incentives, Tagungen und Veranstaltungen<\/h2><\/div><div class=\"uvc-heading-spacer line_only\" style=\"margin-top:15px;margin-bottom:15px;height:3px;\"><span class=\"uvc-headings-line\" style=\"border-style:solid;border-bottom-width:3px;border-color:#c6a36d;width:100px;\"><\/span><\/div><div class=\"uvc-sub-heading ult-responsive\"  data-ultimate-target='.uvc-heading.ultimate-heading-52346a982797a8de8 .uvc-sub-heading '  data-responsive-json-new='{\"font-size\":\"desktop:14px;\",\"line-height\":\"\"}'  style=\"font-weight:normal;color:#414042;margin-bottom:15px;\"><\/p>\n<h5><span style=\"color: #c6a36d;\">Veranstalter, Moderator, Dozent<\/span><\/h5>\n<p>\u2013 Veranstalter und Wissenschaftlicher Leiter: \u201eBr\u00fcsseler Medicon Forum\u201c, Europ\u00e4isches Parlament, Br\u00fcssel<br \/>\n\u2013 Veranstalter: \u201e1., 2. und 3. Convention Health Benefit\u201c, Hofburg, Wien<br \/>\n\u2013 Veranstalter: \u201eWege zum Erfolg f\u00fcr Gesundheitsbetriebe\u201c, Bundesministerium f\u00fcr Gesundheit, Wien<br \/>\n\u2013 Moderator und Vortragender: \u201eQuo vadis Health Tourism Croatia?\u201c, Europ\u00e4ischen Abgeordneten Study Days, Dubrovnik<br \/>\n\u2013 Moderator: \u201eTriebfedern f\u00fcr Investitionen im Medizin- und Sozialbereich\u201c, Wien<br \/>\n\u2013 Veranstalter des ersten internationalen Kongresses f\u00fcr Asthma und Allergie, Zagreb, Kroatien<br \/>\n\u2013 Durchf\u00fchrung der ersten medizinischen Telekonferenz in Kroatien<br \/>\n\u2013 Vortragender: 6. Jahreskonferenz f\u00fcr Exzellenz im Krankenhausmanagement, Wien<br \/>\n\u2013 Vortragender: 4th Annual Travel Insurance Forum, Prag<br \/>\n\u2013 Vortragender: UEHP Council \u2013 Europ\u00e4ische Union der Privatkliniken: Br\u00fcssel, Monaco, Athens, Rome<\/div><\/div><div id=\"ultimate-heading-93886a982797a8e4a\" class=\"uvc-heading ult-adjust-bottom-margin ultimate-heading-93886a982797a8e4a uvc-3449 \" data-hspacer=\"line_only\"  data-halign=\"left\" style=\"text-align:left\"><div class=\"uvc-main-heading ult-responsive\"  data-ultimate-target='.uvc-heading.ultimate-heading-93886a982797a8e4a h2'  data-responsive-json-new='{\"font-size\":\"desktop:22px;\",\"line-height\":\"\"}' ><h2 style=\"font-weight:normal;color:#414042;margin-top:35px;margin-bottom:15px;\">Aufgaben<\/h2><\/div><div class=\"uvc-heading-spacer line_only\" style=\"margin-top:15px;margin-bottom:15px;height:3px;\"><span class=\"uvc-headings-line\" style=\"border-style:solid;border-bottom-width:3px;border-color:#c6a36d;width:100px;\"><\/span><\/div><div class=\"uvc-sub-heading ult-responsive\"  data-ultimate-target='.uvc-heading.ultimate-heading-93886a982797a8e4a .uvc-sub-heading '  data-responsive-json-new='{\"font-size\":\"desktop:14px;\",\"line-height\":\"\"}'  style=\"font-weight:normal;color:#414042;margin-bottom:15px;\"><\/p>\n<h5><span style=\"color: #c6a36d;\">Die Gesundheit f\u00f6rdern<\/span><\/h5>\n<p>\u2013 Privatordination mit speziellem Interesse an Asthma, Allergie und Schmerztherapie<br \/>\n\u2013 Anerkannter Zertifizierer f\u00fcr medizinische Einrichtungen im Gesundheitstourismus<br \/>\n\u2013 Mobile Physiotherapie und Vorsorgemedizin f\u00fcr \u00e4ltere Menschen<br \/>\n\u2013 Komplement\u00e4rmedizin \u2013 Akupunktur und Chiropraxis<br \/>\n\u2013 Psychiatrische und psychologische Ausbildung in Krisensituationen<br \/>\n\u2013 Gr\u00fcnder von \u201eASMAL \u2013 Patientenverband\u201c<br \/>\n\u2013 Gr\u00fcnder und hauptverantwortlicher Herausgeber der Zeitschrift \u201cAsmal\u201d sowie der ersten kroatischen Internetseite f\u00fcr Allergie<br \/>\n\u2013 Produzent und Herausgeber der Videokassette \u201eR\u00fccken ohne Schmerzen\u201c<br \/>\n\u2013 Gr\u00fcnder der ersten kroatischen 24 Stunden Pflege f\u00fcr Urlauber<\/div><\/div>[\/vc_column][\/vc_row]<\/p>\n<\/div>","protected":false},"excerpt":{"rendered":"<p>[vc_row][vc_column][\/vc_column][\/vc_row][vc_row][vc_column width=&#8220;1\/5&#8243;][vc_single_image image=&#8220;10389&#8243; img_size=&#8220;full&#8220; alignment=&#8220;center&#8220; style=&#8220;vc_box_outline_circle&#8220; border_color=&#8220;green&#8220; css=&#8220;&#8220;][\/vc_column][vc_column width=&#8220;4\/5&#8243;][vc_column_text] &#8222;Auf der Grundlage meines<span class=\"excerpt-hellip\"> [\u2026]<\/span><\/p>\n","protected":false},"author":4,"featured_media":-1,"parent":0,"menu_order":0,"comment_status":"closed","ping_status":"closed","template":"","meta":{"footnotes":""},"class_list":["post-10526","page","type-page","status-publish","has-post-thumbnail","hentry"],"yoast_head":"<!-- This site is optimized with the Yoast SEO plugin v28.3 - https:\/\/yoast.com\/product\/yoast-seo-wordpress\/ -->\n<title>Dr. Marijan Gjuki\u0107 - Second Opinion<\/title>\n<meta name=\"robots\" content=\"index, follow, max-snippet:-1, max-image-preview:large, max-video-preview:-1\" \/>\n<link rel=\"canonical\" href=\"https:\/\/www.second-opinion.at\/dr-marijan-gjukic\/\" \/>\n<meta property=\"og:locale\" content=\"de_DE\" \/>\n<meta property=\"og:type\" content=\"article\" \/>\n<meta property=\"og:title\" content=\"Dr. Marijan Gjuki\u0107 - Second Opinion\" \/>\n<meta property=\"og:description\" content=\"[vc_row][vc_column][\/vc_column][\/vc_row][vc_row][vc_column width=&#8220;1\/5&#8243;][vc_single_image image=&#8220;10389&#8243; img_size=&#8220;full&#8220; alignment=&#8220;center&#8220; style=&#8220;vc_box_outline_circle&#8220; border_color=&#8220;green&#8220; css=&#8220;&#8220;][\/vc_column][vc_column width=&#8220;4\/5&#8243;][vc_column_text] &#8222;Auf der Grundlage meines [\u2026]\" \/>\n<meta property=\"og:url\" content=\"https:\/\/www.second-opinion.at\/dr-marijan-gjukic\/\" \/>\n<meta property=\"og:site_name\" content=\"Second Opinion\" \/>\n<meta property=\"article:modified_time\" content=\"2025-07-18T23:54:07+00:00\" \/>\n<meta name=\"twitter:card\" content=\"summary_large_image\" \/>\n<meta name=\"twitter:label1\" content=\"Gesch\u00e4tzte Lesezeit\" \/>\n\t<meta name=\"twitter:data1\" content=\"4\u00a0Minuten\" \/>\n<script type=\"application\/ld+json\" class=\"yoast-schema-graph\">{\"@context\":\"https:\\\/\\\/schema.org\",\"@graph\":[{\"@type\":\"WebPage\",\"@id\":\"https:\\\/\\\/www.second-opinion.at\\\/dr-marijan-gjukic\\\/\",\"url\":\"https:\\\/\\\/www.second-opinion.at\\\/dr-marijan-gjukic\\\/\",\"name\":\"Dr. Marijan Gjuki\u0107 - Second Opinion\",\"isPartOf\":{\"@id\":\"https:\\\/\\\/www.second-opinion.at\\\/#website\"},\"datePublished\":\"2024-05-22T22:35:38+00:00\",\"dateModified\":\"2025-07-18T23:54:07+00:00\",\"breadcrumb\":{\"@id\":\"https:\\\/\\\/www.second-opinion.at\\\/dr-marijan-gjukic\\\/#breadcrumb\"},\"inLanguage\":\"de\",\"potentialAction\":[{\"@type\":\"ReadAction\",\"target\":[\"https:\\\/\\\/www.second-opinion.at\\\/dr-marijan-gjukic\\\/\"]}]},{\"@type\":\"BreadcrumbList\",\"@id\":\"https:\\\/\\\/www.second-opinion.at\\\/dr-marijan-gjukic\\\/#breadcrumb\",\"itemListElement\":[{\"@type\":\"ListItem\",\"position\":1,\"name\":\"Home\",\"item\":\"https:\\\/\\\/www.second-opinion.at\\\/de\\\/home\\\/\"},{\"@type\":\"ListItem\",\"position\":2,\"name\":\"Dr. Marijan Gjuki\u0107\"}]},{\"@type\":\"WebSite\",\"@id\":\"https:\\\/\\\/www.second-opinion.at\\\/#website\",\"url\":\"https:\\\/\\\/www.second-opinion.at\\\/\",\"name\":\"Second Opinion\",\"description\":\"\",\"potentialAction\":[{\"@type\":\"SearchAction\",\"target\":{\"@type\":\"EntryPoint\",\"urlTemplate\":\"https:\\\/\\\/www.second-opinion.at\\\/?s={search_term_string}\"},\"query-input\":{\"@type\":\"PropertyValueSpecification\",\"valueRequired\":true,\"valueName\":\"search_term_string\"}}],\"inLanguage\":\"de\"}]}<\/script>\n<!-- \/ Yoast SEO plugin. -->","yoast_head_json":{"title":"Dr. Marijan Gjuki\u0107 - Second Opinion","robots":{"index":"index","follow":"follow","max-snippet":"max-snippet:-1","max-image-preview":"max-image-preview:large","max-video-preview":"max-video-preview:-1"},"canonical":"https:\/\/www.second-opinion.at\/dr-marijan-gjukic\/","og_locale":"de_DE","og_type":"article","og_title":"Dr. Marijan Gjuki\u0107 - Second Opinion","og_description":"[vc_row][vc_column][\/vc_column][\/vc_row][vc_row][vc_column width=&#8220;1\/5&#8243;][vc_single_image image=&#8220;10389&#8243; img_size=&#8220;full&#8220; alignment=&#8220;center&#8220; style=&#8220;vc_box_outline_circle&#8220; border_color=&#8220;green&#8220; css=&#8220;&#8220;][\/vc_column][vc_column width=&#8220;4\/5&#8243;][vc_column_text] &#8222;Auf der Grundlage meines [\u2026]","og_url":"https:\/\/www.second-opinion.at\/dr-marijan-gjukic\/","og_site_name":"Second Opinion","article_modified_time":"2025-07-18T23:54:07+00:00","twitter_card":"summary_large_image","twitter_misc":{"Gesch\u00e4tzte Lesezeit":"4\u00a0Minuten"},"schema":{"@context":"https:\/\/schema.org","@graph":[{"@type":"WebPage","@id":"https:\/\/www.second-opinion.at\/dr-marijan-gjukic\/","url":"https:\/\/www.second-opinion.at\/dr-marijan-gjukic\/","name":"Dr. Marijan Gjuki\u0107 - Second Opinion","isPartOf":{"@id":"https:\/\/www.second-opinion.at\/#website"},"datePublished":"2024-05-22T22:35:38+00:00","dateModified":"2025-07-18T23:54:07+00:00","breadcrumb":{"@id":"https:\/\/www.second-opinion.at\/dr-marijan-gjukic\/#breadcrumb"},"inLanguage":"de","potentialAction":[{"@type":"ReadAction","target":["https:\/\/www.second-opinion.at\/dr-marijan-gjukic\/"]}]},{"@type":"BreadcrumbList","@id":"https:\/\/www.second-opinion.at\/dr-marijan-gjukic\/#breadcrumb","itemListElement":[{"@type":"ListItem","position":1,"name":"Home","item":"https:\/\/www.second-opinion.at\/de\/home\/"},{"@type":"ListItem","position":2,"name":"Dr. Marijan Gjuki\u0107"}]},{"@type":"WebSite","@id":"https:\/\/www.second-opinion.at\/#website","url":"https:\/\/www.second-opinion.at\/","name":"Second Opinion","description":"","potentialAction":[{"@type":"SearchAction","target":{"@type":"EntryPoint","urlTemplate":"https:\/\/www.second-opinion.at\/?s={search_term_string}"},"query-input":{"@type":"PropertyValueSpecification","valueRequired":true,"valueName":"search_term_string"}}],"inLanguage":"de"}]}},"_links":{"self":[{"href":"https:\/\/www.second-opinion.at\/de\/wp-json\/wp\/v2\/pages\/10526","targetHints":{"allow":["GET"]}}],"collection":[{"href":"https:\/\/www.second-opinion.at\/de\/wp-json\/wp\/v2\/pages"}],"about":[{"href":"https:\/\/www.second-opinion.at\/de\/wp-json\/wp\/v2\/types\/page"}],"author":[{"embeddable":true,"href":"https:\/\/www.second-opinion.at\/de\/wp-json\/wp\/v2\/users\/4"}],"replies":[{"embeddable":true,"href":"https:\/\/www.second-opinion.at\/de\/wp-json\/wp\/v2\/comments?post=10526"}],"version-history":[{"count":0,"href":"https:\/\/www.second-opinion.at\/de\/wp-json\/wp\/v2\/pages\/10526\/revisions"}],"wp:attachment":[{"href":"https:\/\/www.second-opinion.at\/de\/wp-json\/wp\/v2\/media?parent=10526"}],"curies":[{"name":"wp","href":"https:\/\/api.w.org\/{rel}","templated":true}]}}